{"id":1194,"date":"2025-04-14T10:29:55","date_gmt":"2025-04-14T10:29:55","guid":{"rendered":"https:\/\/delayso.com\/politica-privacitat-xarxes-socials\/"},"modified":"2025-04-14T10:36:18","modified_gmt":"2025-04-14T10:36:18","slug":"politica-privacidad-redes-sociales","status":"publish","type":"page","link":"https:\/\/delayso.com\/es\/politica-privacidad-redes-sociales\/","title":{"rendered":"Pol\u00edtica de privacidad redes sociales"},"content":{"rendered":"\n<p>De conformidad con lo establecido en la normativa vigente y aplicable en Protecci\u00f3n de Datos de Car\u00e1cter Personal (RGPD) y la Ley 34\/2002, de 11 de julio, de Servicios de la Sociedad de la Informaci\u00f3n y de Comercio Electr\u00f3nico (LSSI-CE), Marc Figols Cuberta informa a los usuarios, que ha procedido a crear un perfil en las Redes Sociales Facebook, Twitter, Instagram, Linkedin, con la finalidad principal de publicitar sus productos y servicios.<\/p>\n\n\n\n<p>Datos de Marc Figols Cuberta:<\/p>\n\n\n\n<ul class=\"wp-block-list\">\n<li>CIF: 39373480X<\/li>\n\n\n\n<li>DIRECCI\u00d3N: Bonavista 38, 08560, Sallent (Barcelona)<\/li>\n\n\n\n<li>CORREO ELECTR\u00d3NICO: marc@delayso.com<\/li>\n\n\n\n<li>DOMINIO WEB: https:\/\/delayso.com<\/li>\n<\/ul>\n\n\n\n<p>El usuario dispone de un perfil en la misma Red Social y ha decidido unirse a la p\u00e1gina creada por Marc Figols Cuberta, mostrando as\u00ed inter\u00e9s en la informaci\u00f3n que se publicite en la Red. Al unirse a nuestra p\u00e1gina, nos facilita su consentimiento para el tratamiento de aquellos datos personales publicados en su perfil.<\/p>\n\n\n\n<p>El usuario puede acceder en todo momento a las pol\u00edticas de privacidad de la propia Red Social, as\u00ed como configurar su perfil para garantizar su privacidad.<\/p>\n\n\n\n<p>Marc Figols Cuberta tiene acceso y trata aquella informaci\u00f3n p\u00fablica del usuario, en especial, su nombre de contacto. Estos datos, s\u00f3lo son utilizados dentro de la propia Red Social. No son incorporados a ning\u00fan sistema de tratamiento.<\/p>\n\n\n\n<p>En relaci\u00f3n a los derechos de acceso, rectificaci\u00f3n, limitaci\u00f3n de tratamiento, supresi\u00f3n, portabilidad y oposici\u00f3n al tratamiento de sus datos de car\u00e1cter personal de los que usted dispone y que pueden ser ejercitados ante Marc Figols Cuberta, de acuerdo con la RGPD, debe tener en cuenta los siguientes matices:<\/p>\n\n\n\n<ul class=\"wp-block-list\">\n<li>Derecho de Acceso: Es el derecho del usuario a obtener informaci\u00f3n sobre sus datos concretos de car\u00e1cter personal y del tratamiento que se haya realizado o realice, as\u00ed como de la informaci\u00f3n disponible sobre el origen de dichos datos y las comunicaciones realizadas o previstas de los mismos.<\/li>\n\n\n\n<li>Derecho de Rectificaci\u00f3n: Es el derecho del afectado a que se modifiquen los datos que resulten ser inexactos o incompletos. S\u00f3lo podr\u00e1 satisfacerse en relaci\u00f3n a aquella informaci\u00f3n que se encuentre bajo el control de Marc Figols Cuberta, por ejemplo, eliminar comentarios publicados en la propia p\u00e1gina, im\u00e1genes o contenidos web donde consten datos de car\u00e1cter personal del usuario.<\/li>\n\n\n\n<li>Derecho a la Limitaci\u00f3n de tratamiento: Es el derecho a que se limiten los fines del tratamiento previstos de forma original por el responsable del tratamiento.<\/li>\n\n\n\n<li>Derecho de Supresi\u00f3n: Es el derecho a suprimir los datos de car\u00e1cter personal del usuario, a excepci\u00f3n de lo previsto en el propio RGPD o en otras normativas aplicables que determinen la obligatoriedad de la conservaci\u00f3n de los mismos, en tiempo y forma.<\/li>\n\n\n\n<li>Derecho de portabilidad: El derecho a recibir los datos personales que el usuario, haya facilitado, en un formato estructurado, de uso com\u00fan y lectura mec\u00e1nica, y a transmitirlos a otro responsable.<\/li>\n\n\n\n<li>Derecho de Oposici\u00f3n: Es el derecho del usuario a que no se lleve a cabo el tratamiento de sus datos de car\u00e1cter personal o se cese el tratamiento de los mismos por parte de Marc Figols Cuberta.<\/li>\n<\/ul>\n\n\n\n<p>Marc Figols Cuberta realizar\u00e1 las siguientes actuaciones:<\/p>\n\n\n\n<ul class=\"wp-block-list\">\n<li>Acceso a la informaci\u00f3n p\u00fablica del perfil.<\/li>\n\n\n\n<li>Publicaci\u00f3n en el perfil del usuario de toda aquella informaci\u00f3n ya publicada en la p\u00e1gina de Marc Figols Cuberta.<\/li>\n\n\n\n<li>Enviar mensajes personales e individuales a trav\u00e9s de los canales de la Red Social.<\/li>\n\n\n\n<li>Actualizaciones del estado de la p\u00e1gina que se publicar\u00e1n en el perfil del usuario.<\/li>\n<\/ul>\n\n\n\n<p>El usuario siempre puede controlar sus conexiones, eliminar los contenidos que dejen de interesarle y restringir con qui\u00e9n comparte sus conexiones, para ello deber\u00e1 acceder a su configuraci\u00f3n de privacidad.<\/p>\n\n\n\n<div style=\"height:50px\" aria-hidden=\"true\" class=\"wp-block-spacer\"><\/div>\n\n\n\n<h2 class=\"wp-block-heading\">Publicaciones<\/h2>\n\n\n\n<div style=\"height:15px\" aria-hidden=\"true\" class=\"wp-block-spacer\"><\/div>\n\n\n\n<p>El usuario, una vez unido a la p\u00e1gina de Marc Figols Cuberta, podr\u00e1 publicar en \u00e9sta \u00faltima comentarios, enlaces, im\u00e1genes o fotograf\u00edas o cualquier otro tipo de contenido multimedia soportado por la Red Social. El usuario, en todos los casos, debe ser el titular de los mismos, gozar de los derechos de autor y de propiedad intelectual o contar con el consentimiento de los terceros afectados. Se proh\u00edbe expresamente cualquier publicaci\u00f3n en la p\u00e1gina, ya sean textos, gr\u00e1ficos, fotograf\u00edas, v\u00eddeos, etc. que atenten o sean susceptibles de atentar contra la moral, la \u00e9tica, el buen gusto o el decoro, y\/o que infrinjan, violen o quebranten los derechos de propiedad intelectual o industrial, el derecho a la imagen o la Ley. En estos casos, Marc Figols Cuberta se reserva el derecho a retirar de inmediato el contenido, pudiendo solicitar el bloqueo permanente del usuario.<\/p>\n\n\n\n<p>Marc Figols Cuberta no se har\u00e1 responsable de los contenidos que libremente ha publicado un usuario.<\/p>\n\n\n\n<p>El usuario debe tener presente que sus publicaciones ser\u00e1n conocidas por los otros usuarios, por lo que \u00e9l mismo es el principal responsable de su privacidad.<\/p>\n\n\n\n<p>Las im\u00e1genes que puedan publicarse en la p\u00e1gina no ser\u00e1n almacenadas en ning\u00fan sistema de tratamiento por parte de Marc Figols Cuberta, pero s\u00ed que permanecer\u00e1n en la Red Social.<\/p>\n\n\n\n<div style=\"height:50px\" aria-hidden=\"true\" class=\"wp-block-spacer\"><\/div>\n\n\n\n<h2 class=\"wp-block-heading\">Concursos i promociones<\/h2>\n\n\n\n<div style=\"height:15px\" aria-hidden=\"true\" class=\"wp-block-spacer\"><\/div>\n\n\n\n<p>Marc Figols Cuberta se reserva el derecho a realizar concursos y promociones, en los que podr\u00e1 participar el usuario unido a su p\u00e1gina. Las bases de cada uno de ellos, cuando se utilice para ello la plataforma de la Red Social, ser\u00e1n publicadas en la misma. Cumpliendo siempre con la LSSI-CE y con cualquier otra norma que le sea de aplicaci\u00f3n.<\/p>\n\n\n\n<p>La Red Social no patrocina, avala ni administra, de modo alguno, ninguna de nuestras promociones, ni est\u00e1 asociada a ninguna de ellas.<\/p>\n\n\n\n<div style=\"height:50px\" aria-hidden=\"true\" class=\"wp-block-spacer\"><\/div>\n\n\n\n<h2 class=\"wp-block-heading\">Publicidad<\/h2>\n\n\n\n<div style=\"height:15px\" aria-hidden=\"true\" class=\"wp-block-spacer\"><\/div>\n\n\n\n<p>Marc Figols Cuberta utilizar\u00e1 la Red Social para publicitar sus productos y servicios, en todo caso, si decide tratar sus datos de contacto para realizar acciones directas de prospecci\u00f3n comercial, ser\u00e1 siempre, cumpliendo con las exigencias legales de la RGPD y de la LSSI-CE.<\/p>\n\n\n\n<p>No se considerar\u00e1 publicidad el hecho de recomendar a otros usuarios la p\u00e1gina de Marc Figols Cuberta para que tambi\u00e9n ellos puedan disfrutar de las promociones o estar informados de su actividad.<\/p>\n\n\n\n<p>A continuaci\u00f3n detallamos el enlace a la pol\u00edtica de privacidad de la Red Social:<\/p>\n\n\n\n<p>Facebook: <a href=\"https:\/\/www.facebook.com\/help\/323540651073243\/\">https:\/\/www.facebook.com\/help\/323540651073243\/<\/a><\/p>\n\n\n\n<p>Twitter: <a href=\"https:\/\/twitter.com\/privacy\">https:\/\/twitter.com\/privacy<\/a><\/p>\n\n\n\n<p>Instagram: <a href=\"http:\/\/instagram.com\/about\/legal\/privacy\/\">https:\/\/instagram.com\/about\/legal\/privacy\/<\/a><\/p>\n\n\n\n<p>Linkedin: <a href=\"http:\/\/www.linkedin.com\/legal\/privacy-policy?trk=hb_ft_priv\">https:\/\/www.linkedin.com\/legal\/privacy-policy?trk=hb_ft_priv<\/a><\/p>\n","protected":false},"excerpt":{"rendered":"<p>De conformidad con lo establecido en la normativa vigente y aplicable en Protecci\u00f3n de Datos de Car\u00e1cter Personal (RGPD) y la Ley 34\/2002, de 11 de julio, de Servicios de la Sociedad de la Informaci\u00f3n y de Comercio Electr\u00f3nico (LSSI-CE), Marc Figols Cuberta informa a&#8230;<\/p>\n","protected":false},"author":2,"featured_media":0,"parent":0,"menu_order":0,"comment_status":"closed","ping_status":"open","template":"","meta":{"footnotes":""},"class_list":["post-1194","page","type-page","status-publish","hentry"],"yoast_head":"<!-- This site is optimized with the Yoast SEO plugin v25.8 - https:\/\/yoast.com\/wordpress\/plugins\/seo\/ -->\n<title>Pol\u00edtica de privacidad redes sociales - Delay<\/title>\n<meta name=\"description\" content=\"P\u00e1gina de pol\u00edtica de privacidad de redes sociales del sitio web de Delayso.\" \/>\n<meta name=\"robots\" content=\"index, follow, max-snippet:-1, max-image-preview:large, max-video-preview:-1\" \/>\n<link rel=\"canonical\" href=\"https:\/\/delayso.com\/es\/politica-privacidad-redes-sociales\/\" \/>\n<meta property=\"og:locale\" content=\"es_ES\" \/>\n<meta property=\"og:type\" content=\"article\" \/>\n<meta property=\"og:title\" content=\"Pol\u00edtica de privacidad redes sociales - Delay\" \/>\n<meta property=\"og:description\" content=\"P\u00e1gina de pol\u00edtica de privacidad de redes sociales del sitio web de Delayso.\" \/>\n<meta property=\"og:url\" content=\"https:\/\/delayso.com\/es\/politica-privacidad-redes-sociales\/\" \/>\n<meta property=\"og:site_name\" content=\"Delay\" \/>\n<meta property=\"article:publisher\" content=\"https:\/\/www.facebook.com\/delaysoillum\" \/>\n<meta property=\"article:modified_time\" content=\"2025-04-14T10:36:18+00:00\" \/>\n<meta name=\"twitter:card\" content=\"summary_large_image\" \/>\n<meta name=\"twitter:label1\" content=\"Tiempo de lectura\" \/>\n\t<meta name=\"twitter:data1\" content=\"6 minutos\" \/>\n<script type=\"application\/ld+json\" class=\"yoast-schema-graph\">{\"@context\":\"https:\/\/schema.org\",\"@graph\":[{\"@type\":\"WebPage\",\"@id\":\"https:\/\/delayso.com\/es\/politica-privacidad-redes-sociales\/\",\"url\":\"https:\/\/delayso.com\/es\/politica-privacidad-redes-sociales\/\",\"name\":\"Pol\u00edtica de privacidad redes sociales - Delay\",\"isPartOf\":{\"@id\":\"https:\/\/delayso.com\/es\/#website\"},\"datePublished\":\"2025-04-14T10:29:55+00:00\",\"dateModified\":\"2025-04-14T10:36:18+00:00\",\"description\":\"P\u00e1gina de pol\u00edtica de privacidad de redes sociales del sitio web de Delayso.\",\"breadcrumb\":{\"@id\":\"https:\/\/delayso.com\/es\/politica-privacidad-redes-sociales\/#breadcrumb\"},\"inLanguage\":\"es\",\"potentialAction\":[{\"@type\":\"ReadAction\",\"target\":[\"https:\/\/delayso.com\/es\/politica-privacidad-redes-sociales\/\"]}]},{\"@type\":\"BreadcrumbList\",\"@id\":\"https:\/\/delayso.com\/es\/politica-privacidad-redes-sociales\/#breadcrumb\",\"itemListElement\":[{\"@type\":\"ListItem\",\"position\":1,\"name\":\"Portada\",\"item\":\"https:\/\/delayso.com\/es\/\"},{\"@type\":\"ListItem\",\"position\":2,\"name\":\"Pol\u00edtica de privacidad redes sociales\"}]},{\"@type\":\"WebSite\",\"@id\":\"https:\/\/delayso.com\/es\/#website\",\"url\":\"https:\/\/delayso.com\/es\/\",\"name\":\"Delay So & Llum\",\"description\":\"So &amp; Llum Professional\",\"publisher\":{\"@id\":\"https:\/\/delayso.com\/es\/#organization\"},\"alternateName\":\"Delay\",\"potentialAction\":[{\"@type\":\"SearchAction\",\"target\":{\"@type\":\"EntryPoint\",\"urlTemplate\":\"https:\/\/delayso.com\/es\/?s={search_term_string}\"},\"query-input\":{\"@type\":\"PropertyValueSpecification\",\"valueRequired\":true,\"valueName\":\"search_term_string\"}}],\"inLanguage\":\"es\"},{\"@type\":\"Organization\",\"@id\":\"https:\/\/delayso.com\/es\/#organization\",\"name\":\"Delay So & Llum\",\"alternateName\":\"Delay\",\"url\":\"https:\/\/delayso.com\/es\/\",\"logo\":{\"@type\":\"ImageObject\",\"inLanguage\":\"es\",\"@id\":\"https:\/\/delayso.com\/es\/#\/schema\/logo\/image\/\",\"url\":\"http:\/\/delayso.com\/wp-content\/uploads\/2024\/04\/cropped-favicon_2024_DELAY.jpg\",\"contentUrl\":\"http:\/\/delayso.com\/wp-content\/uploads\/2024\/04\/cropped-favicon_2024_DELAY.jpg\",\"width\":512,\"height\":512,\"caption\":\"Delay So & Llum\"},\"image\":{\"@id\":\"https:\/\/delayso.com\/es\/#\/schema\/logo\/image\/\"},\"sameAs\":[\"https:\/\/www.facebook.com\/delaysoillum\",\"https:\/\/www.instagram.com\/delay_so\/\",\"https:\/\/vimeo.com\/user83668552\"]}]}<\/script>\n<!-- \/ Yoast SEO plugin. -->","yoast_head_json":{"title":"Pol\u00edtica de privacidad redes sociales - Delay","description":"P\u00e1gina de pol\u00edtica de privacidad de redes sociales del sitio web de Delayso.","robots":{"index":"index","follow":"follow","max-snippet":"max-snippet:-1","max-image-preview":"max-image-preview:large","max-video-preview":"max-video-preview:-1"},"canonical":"https:\/\/delayso.com\/es\/politica-privacidad-redes-sociales\/","og_locale":"es_ES","og_type":"article","og_title":"Pol\u00edtica de privacidad redes sociales - Delay","og_description":"P\u00e1gina de pol\u00edtica de privacidad de redes sociales del sitio web de Delayso.","og_url":"https:\/\/delayso.com\/es\/politica-privacidad-redes-sociales\/","og_site_name":"Delay","article_publisher":"https:\/\/www.facebook.com\/delaysoillum","article_modified_time":"2025-04-14T10:36:18+00:00","twitter_card":"summary_large_image","twitter_misc":{"Tiempo de lectura":"6 minutos"},"schema":{"@context":"https:\/\/schema.org","@graph":[{"@type":"WebPage","@id":"https:\/\/delayso.com\/es\/politica-privacidad-redes-sociales\/","url":"https:\/\/delayso.com\/es\/politica-privacidad-redes-sociales\/","name":"Pol\u00edtica de privacidad redes sociales - Delay","isPartOf":{"@id":"https:\/\/delayso.com\/es\/#website"},"datePublished":"2025-04-14T10:29:55+00:00","dateModified":"2025-04-14T10:36:18+00:00","description":"P\u00e1gina de pol\u00edtica de privacidad de redes sociales del sitio web de Delayso.","breadcrumb":{"@id":"https:\/\/delayso.com\/es\/politica-privacidad-redes-sociales\/#breadcrumb"},"inLanguage":"es","potentialAction":[{"@type":"ReadAction","target":["https:\/\/delayso.com\/es\/politica-privacidad-redes-sociales\/"]}]},{"@type":"BreadcrumbList","@id":"https:\/\/delayso.com\/es\/politica-privacidad-redes-sociales\/#breadcrumb","itemListElement":[{"@type":"ListItem","position":1,"name":"Portada","item":"https:\/\/delayso.com\/es\/"},{"@type":"ListItem","position":2,"name":"Pol\u00edtica de privacidad redes sociales"}]},{"@type":"WebSite","@id":"https:\/\/delayso.com\/es\/#website","url":"https:\/\/delayso.com\/es\/","name":"Delay So & Llum","description":"So &amp; Llum Professional","publisher":{"@id":"https:\/\/delayso.com\/es\/#organization"},"alternateName":"Delay","potentialAction":[{"@type":"SearchAction","target":{"@type":"EntryPoint","urlTemplate":"https:\/\/delayso.com\/es\/?s={search_term_string}"},"query-input":{"@type":"PropertyValueSpecification","valueRequired":true,"valueName":"search_term_string"}}],"inLanguage":"es"},{"@type":"Organization","@id":"https:\/\/delayso.com\/es\/#organization","name":"Delay So & Llum","alternateName":"Delay","url":"https:\/\/delayso.com\/es\/","logo":{"@type":"ImageObject","inLanguage":"es","@id":"https:\/\/delayso.com\/es\/#\/schema\/logo\/image\/","url":"http:\/\/delayso.com\/wp-content\/uploads\/2024\/04\/cropped-favicon_2024_DELAY.jpg","contentUrl":"http:\/\/delayso.com\/wp-content\/uploads\/2024\/04\/cropped-favicon_2024_DELAY.jpg","width":512,"height":512,"caption":"Delay So & Llum"},"image":{"@id":"https:\/\/delayso.com\/es\/#\/schema\/logo\/image\/"},"sameAs":["https:\/\/www.facebook.com\/delaysoillum","https:\/\/www.instagram.com\/delay_so\/","https:\/\/vimeo.com\/user83668552"]}]}},"_links":{"self":[{"href":"https:\/\/delayso.com\/es\/wp-json\/wp\/v2\/pages\/1194","targetHints":{"allow":["GET"]}}],"collection":[{"href":"https:\/\/delayso.com\/es\/wp-json\/wp\/v2\/pages"}],"about":[{"href":"https:\/\/delayso.com\/es\/wp-json\/wp\/v2\/types\/page"}],"author":[{"embeddable":true,"href":"https:\/\/delayso.com\/es\/wp-json\/wp\/v2\/users\/2"}],"replies":[{"embeddable":true,"href":"https:\/\/delayso.com\/es\/wp-json\/wp\/v2\/comments?post=1194"}],"version-history":[{"count":0,"href":"https:\/\/delayso.com\/es\/wp-json\/wp\/v2\/pages\/1194\/revisions"}],"wp:attachment":[{"href":"https:\/\/delayso.com\/es\/wp-json\/wp\/v2\/media?parent=1194"}],"curies":[{"name":"wp","href":"https:\/\/api.w.org\/{rel}","templated":true}]}}